{"id":11991,"date":"2017-12-02T00:41:43","date_gmt":"2017-12-01T22:41:43","guid":{"rendered":"http:\/\/www.rukajarvensuunnanhistoriayhdistys.fi\/historiayhdistys\/?post_type=event&#038;p=11991"},"modified":"2017-12-02T00:42:21","modified_gmt":"2017-12-01T22:42:21","slug":"kolme-mielenkiintoista-esitelmaa-iisalmen-rukajarvi-keskuksessa-8-12-2017-alkaen-klo-18-00-savonkatu-24-iisalmi","status":"publish","type":"event","link":"http:\/\/www.rukajarvensuunnanhistoriayhdistys.fi\/historiayhdistys\/event\/kolme-mielenkiintoista-esitelmaa-iisalmen-rukajarvi-keskuksessa-8-12-2017-alkaen-klo-18-00-savonkatu-24-iisalmi\/","title":{"rendered":"Kolme mielenkiintoista esitelm\u00e4\u00e4 Iisalmen Rukaj\u00e4rvi-keskuksessa 8.12.2017 alkaen klo 18.00, Savonkatu 24, Iisalmi."},"content":{"rendered":"<div class=\"fcbkbttn_buttons_block\" id=\"fcbkbttn_left\"><div class=\"fcbkbttn_like \"><fb:like href=\"http:\/\/www.rukajarvensuunnanhistoriayhdistys.fi\/historiayhdistys\/event\/kolme-mielenkiintoista-esitelmaa-iisalmen-rukajarvi-keskuksessa-8-12-2017-alkaen-klo-18-00-savonkatu-24-iisalmi\/\" action=\"like\" colorscheme=\"light\" layout=\"button_count\"  size=\"small\"><\/fb:like><\/div><\/div><p><strong>*Antti Rasilon:<\/strong> Is\u00e4ni Osmo Rasilon sotatie. Esitelm\u00e4 tuo esille merkitt\u00e4v\u00e4\u00e4 ennen julkaisematonta tietoa mm. Joen kentt\u00e4vartion taistelusta. Miten ihmeess\u00e4 suomalainen 28 miehen joukkue pystyi puolustautumaan tuhannen vihollisen sotilaan hy\u00f6kk\u00e4yst\u00e4 vastaan yli 8 tunnin ajan eik\u00e4 tukikohtaa vallattu.<\/p>\n<p><strong>*Jaakko Niiranen:<\/strong> Vaietut sotamuistot kirjan esittely. Kirja on kuvaus Viljo is\u00e4n sotamuistelmista.<\/p>\n<p>Rajua Joen KV:n taistelua kuvataan ensikertaa taistelua johtaneen Osmo Rasilon ja kentt\u00e4vartiota puolustaneen sotilaan silmin.<\/p>\n<p>Rasilon ja Niirasen esitelm\u00e4t tuovat esille h\u00e4mm\u00e4stytt\u00e4v\u00e4\u00e4 uutta tietoa.<\/p>\n<p><strong>*Tenho Tikkanen:<\/strong> Legendaarisen puolalaissyntyisen pataljoonan komentaja Arnold Majewskin j\u00e4\u00e4mist\u00f6n esittely. Aineisto on kokonaisuudessaan esill\u00e4 Iisalmen Rukaj\u00e4rvi-keskuksessa. Majewski kaatui 10.10.1942 pian avioitumisensa j\u00e4lkeen. Esill\u00e4 ennen julkaisemattomia valokuvia Rukaj\u00e4rvelt\u00e4, ainutlaatuinen h\u00e4\u00e4lahjakalusto sek\u00e4 h\u00e4\u00e4lahjaesineist\u00f6\u00e4. Esittely sis\u00e4lt\u00e4\u00e4 my\u00f6s tietoa Majewskin osallistumisesta taisteluihin.<\/p>\n<p>Tervetuloa, p\u00e4\u00e4symaksu 10 \u20ac sis\u00e4lt\u00e4en kahvin.<\/p>\n","protected":false},"author":3,"featured_media":11955,"menu_order":0,"template":"","meta":[],"event_cat":[],"class_list":["post-11991","event","type-event","status-publish","has-post-thumbnail","hentry"],"yoast_head":"<!-- This site is optimized with the Yoast SEO plugin v27.4 - https:\/\/yoast.com\/product\/yoast-seo-wordpress\/ -->\n<title>Kolme mielenkiintoista esitelm\u00e4\u00e4 Iisalmen Rukaj\u00e4rvi-keskuksessa 8.12.2017 alkaen klo 18.00, Savonkatu 24, Iisalmi. - Rukaj\u00e4rven suunnan historiayhdistys<\/title>\n<meta name=\"robots\" content=\"index, follow, max-snippet:-1, max-image-preview:large, max-video-preview:-1\" \/>\n<link rel=\"canonical\" href=\"https:\/\/www.rukajarvensuunnanhistoriayhdistys.fi\/historiayhdistys\/event\/kolme-mielenkiintoista-esitelmaa-iisalmen-rukajarvi-keskuksessa-8-12-2017-alkaen-klo-18-00-savonkatu-24-iisalmi\/\" \/>\n<meta property=\"og:locale\" content=\"fi_FI\" \/>\n<meta property=\"og:type\" content=\"article\" \/>\n<meta property=\"og:title\" content=\"Kolme mielenkiintoista esitelm\u00e4\u00e4 Iisalmen Rukaj\u00e4rvi-keskuksessa 8.12.2017 alkaen klo 18.00, Savonkatu 24, Iisalmi. - Rukaj\u00e4rven suunnan historiayhdistys\" \/>\n<meta property=\"og:description\" content=\"*Antti Rasilon: Is\u00e4ni Osmo Rasilon sotatie. Esitelm\u00e4 tuo esille merkitt\u00e4v\u00e4\u00e4 ennen julkaisematonta tietoa mm. Joen kentt\u00e4vartion taistelusta. Miten ihmeess\u00e4 suomalainen 28 miehen joukkue pystyi puolustautumaan tuhannen vihollisen sotilaan hy\u00f6kk\u00e4yst\u00e4 vastaan Teksti jatkuu...Kolme mielenkiintoista esitelm\u00e4\u00e4 Iisalmen Rukaj\u00e4rvi-keskuksessa 8.12.2017 alkaen klo 18.00, Savonkatu 24, Iisalmi.\u2192\" \/>\n<meta property=\"og:url\" content=\"https:\/\/www.rukajarvensuunnanhistoriayhdistys.fi\/historiayhdistys\/event\/kolme-mielenkiintoista-esitelmaa-iisalmen-rukajarvi-keskuksessa-8-12-2017-alkaen-klo-18-00-savonkatu-24-iisalmi\/\" \/>\n<meta property=\"og:site_name\" content=\"Rukaj\u00e4rven suunnan historiayhdistys\" \/>\n<meta property=\"article:modified_time\" content=\"2017-12-01T22:42:21+00:00\" \/>\n<meta property=\"og:image\" content=\"https:\/\/www.rukajarvensuunnanhistoriayhdistys.fi\/historiayhdistys\/wp-content\/uploads\/2017\/11\/image2-2.jpg\" \/>\n\t<meta property=\"og:image:width\" content=\"1599\" \/>\n\t<meta property=\"og:image:height\" content=\"899\" \/>\n\t<meta property=\"og:image:type\" content=\"image\/jpeg\" \/>\n<meta name=\"twitter:label1\" content=\"Arvioitu lukuaika\" \/>\n\t<meta name=\"twitter:data1\" content=\"1 minuutti\" \/>\n<script type=\"application\/ld+json\" class=\"yoast-schema-graph\">{\"@context\":\"https:\\\/\\\/schema.org\",\"@graph\":[{\"@type\":\"WebPage\",\"@id\":\"https:\\\/\\\/www.rukajarvensuunnanhistoriayhdistys.fi\\\/historiayhdistys\\\/event\\\/kolme-mielenkiintoista-esitelmaa-iisalmen-rukajarvi-keskuksessa-8-12-2017-alkaen-klo-18-00-savonkatu-24-iisalmi\\\/\",\"url\":\"https:\\\/\\\/www.rukajarvensuunnanhistoriayhdistys.fi\\\/historiayhdistys\\\/event\\\/kolme-mielenkiintoista-esitelmaa-iisalmen-rukajarvi-keskuksessa-8-12-2017-alkaen-klo-18-00-savonkatu-24-iisalmi\\\/\",\"name\":\"Kolme mielenkiintoista esitelm\u00e4\u00e4 Iisalmen Rukaj\u00e4rvi-keskuksessa 8.12.2017 alkaen klo 18.00, Savonkatu 24, Iisalmi. - Rukaj\u00e4rven suunnan historiayhdistys\",\"isPartOf\":{\"@id\":\"http:\\\/\\\/www.rukajarvensuunnanhistoriayhdistys.fi\\\/historiayhdistys\\\/#website\"},\"primaryImageOfPage\":{\"@id\":\"https:\\\/\\\/www.rukajarvensuunnanhistoriayhdistys.fi\\\/historiayhdistys\\\/event\\\/kolme-mielenkiintoista-esitelmaa-iisalmen-rukajarvi-keskuksessa-8-12-2017-alkaen-klo-18-00-savonkatu-24-iisalmi\\\/#primaryimage\"},\"image\":{\"@id\":\"https:\\\/\\\/www.rukajarvensuunnanhistoriayhdistys.fi\\\/historiayhdistys\\\/event\\\/kolme-mielenkiintoista-esitelmaa-iisalmen-rukajarvi-keskuksessa-8-12-2017-alkaen-klo-18-00-savonkatu-24-iisalmi\\\/#primaryimage\"},\"thumbnailUrl\":\"http:\\\/\\\/www.rukajarvensuunnanhistoriayhdistys.fi\\\/historiayhdistys\\\/wp-content\\\/uploads\\\/2017\\\/11\\\/image2-2.jpg\",\"datePublished\":\"2017-12-01T22:41:43+00:00\",\"dateModified\":\"2017-12-01T22:42:21+00:00\",\"breadcrumb\":{\"@id\":\"https:\\\/\\\/www.rukajarvensuunnanhistoriayhdistys.fi\\\/historiayhdistys\\\/event\\\/kolme-mielenkiintoista-esitelmaa-iisalmen-rukajarvi-keskuksessa-8-12-2017-alkaen-klo-18-00-savonkatu-24-iisalmi\\\/#breadcrumb\"},\"inLanguage\":\"fi\",\"potentialAction\":[{\"@type\":\"ReadAction\",\"target\":[\"https:\\\/\\\/www.rukajarvensuunnanhistoriayhdistys.fi\\\/historiayhdistys\\\/event\\\/kolme-mielenkiintoista-esitelmaa-iisalmen-rukajarvi-keskuksessa-8-12-2017-alkaen-klo-18-00-savonkatu-24-iisalmi\\\/\"]}]},{\"@type\":\"ImageObject\",\"inLanguage\":\"fi\",\"@id\":\"https:\\\/\\\/www.rukajarvensuunnanhistoriayhdistys.fi\\\/historiayhdistys\\\/event\\\/kolme-mielenkiintoista-esitelmaa-iisalmen-rukajarvi-keskuksessa-8-12-2017-alkaen-klo-18-00-savonkatu-24-iisalmi\\\/#primaryimage\",\"url\":\"http:\\\/\\\/www.rukajarvensuunnanhistoriayhdistys.fi\\\/historiayhdistys\\\/wp-content\\\/uploads\\\/2017\\\/11\\\/image2-2.jpg\",\"contentUrl\":\"http:\\\/\\\/www.rukajarvensuunnanhistoriayhdistys.fi\\\/historiayhdistys\\\/wp-content\\\/uploads\\\/2017\\\/11\\\/image2-2.jpg\",\"width\":1599,\"height\":899},{\"@type\":\"BreadcrumbList\",\"@id\":\"https:\\\/\\\/www.rukajarvensuunnanhistoriayhdistys.fi\\\/historiayhdistys\\\/event\\\/kolme-mielenkiintoista-esitelmaa-iisalmen-rukajarvi-keskuksessa-8-12-2017-alkaen-klo-18-00-savonkatu-24-iisalmi\\\/#breadcrumb\",\"itemListElement\":[{\"@type\":\"ListItem\",\"position\":1,\"name\":\"Etusivu\",\"item\":\"http:\\\/\\\/www.rukajarvensuunnanhistoriayhdistys.fi\\\/historiayhdistys\\\/\"},{\"@type\":\"ListItem\",\"position\":2,\"name\":\"Events\",\"item\":\"https:\\\/\\\/www.rukajarvensuunnanhistoriayhdistys.fi\\\/historiayhdistys\\\/event\\\/\"},{\"@type\":\"ListItem\",\"position\":3,\"name\":\"Kolme mielenkiintoista esitelm\u00e4\u00e4 Iisalmen Rukaj\u00e4rvi-keskuksessa 8.12.2017 alkaen klo 18.00, Savonkatu 24, Iisalmi.\"}]},{\"@type\":\"WebSite\",\"@id\":\"http:\\\/\\\/www.rukajarvensuunnanhistoriayhdistys.fi\\\/historiayhdistys\\\/#website\",\"url\":\"http:\\\/\\\/www.rukajarvensuunnanhistoriayhdistys.fi\\\/historiayhdistys\\\/\",\"name\":\"Rukaj\u00e4rven suunnan historiayhdistys\",\"description\":\"Rukaj\u00e4rven suunnan historiayhdistyksen verkkosivut.\",\"publisher\":{\"@id\":\"http:\\\/\\\/www.rukajarvensuunnanhistoriayhdistys.fi\\\/historiayhdistys\\\/#organization\"},\"potentialAction\":[{\"@type\":\"SearchAction\",\"target\":{\"@type\":\"EntryPoint\",\"urlTemplate\":\"http:\\\/\\\/www.rukajarvensuunnanhistoriayhdistys.fi\\\/historiayhdistys\\\/?s={search_term_string}\"},\"query-input\":{\"@type\":\"PropertyValueSpecification\",\"valueRequired\":true,\"valueName\":\"search_term_string\"}}],\"inLanguage\":\"fi\"},{\"@type\":\"Organization\",\"@id\":\"http:\\\/\\\/www.rukajarvensuunnanhistoriayhdistys.fi\\\/historiayhdistys\\\/#organization\",\"name\":\"Rukaj\u00e4rven suunnan historiayhdistys\",\"url\":\"http:\\\/\\\/www.rukajarvensuunnanhistoriayhdistys.fi\\\/historiayhdistys\\\/\",\"logo\":{\"@type\":\"ImageObject\",\"inLanguage\":\"fi\",\"@id\":\"http:\\\/\\\/www.rukajarvensuunnanhistoriayhdistys.fi\\\/historiayhdistys\\\/#\\\/schema\\\/logo\\\/image\\\/\",\"url\":\"http:\\\/\\\/www.rukajarvensuunnanhistoriayhdistys.fi\\\/historiayhdistys\\\/wp-content\\\/uploads\\\/2013\\\/12\\\/Otsake_3.jpg\",\"contentUrl\":\"http:\\\/\\\/www.rukajarvensuunnanhistoriayhdistys.fi\\\/historiayhdistys\\\/wp-content\\\/uploads\\\/2013\\\/12\\\/Otsake_3.jpg\",\"width\":1000,\"height\":442,\"caption\":\"Rukaj\u00e4rven suunnan historiayhdistys\"},\"image\":{\"@id\":\"http:\\\/\\\/www.rukajarvensuunnanhistoriayhdistys.fi\\\/historiayhdistys\\\/#\\\/schema\\\/logo\\\/image\\\/\"}}]}<\/script>\n<!-- \/ Yoast SEO plugin. -->","yoast_head_json":{"title":"Kolme mielenkiintoista esitelm\u00e4\u00e4 Iisalmen Rukaj\u00e4rvi-keskuksessa 8.12.2017 alkaen klo 18.00, Savonkatu 24, Iisalmi. - Rukaj\u00e4rven suunnan historiayhdistys","robots":{"index":"index","follow":"follow","max-snippet":"max-snippet:-1","max-image-preview":"max-image-preview:large","max-video-preview":"max-video-preview:-1"},"canonical":"https:\/\/www.rukajarvensuunnanhistoriayhdistys.fi\/historiayhdistys\/event\/kolme-mielenkiintoista-esitelmaa-iisalmen-rukajarvi-keskuksessa-8-12-2017-alkaen-klo-18-00-savonkatu-24-iisalmi\/","og_locale":"fi_FI","og_type":"article","og_title":"Kolme mielenkiintoista esitelm\u00e4\u00e4 Iisalmen Rukaj\u00e4rvi-keskuksessa 8.12.2017 alkaen klo 18.00, Savonkatu 24, Iisalmi. - Rukaj\u00e4rven suunnan historiayhdistys","og_description":"*Antti Rasilon: Is\u00e4ni Osmo Rasilon sotatie. Esitelm\u00e4 tuo esille merkitt\u00e4v\u00e4\u00e4 ennen julkaisematonta tietoa mm. Joen kentt\u00e4vartion taistelusta. Miten ihmeess\u00e4 suomalainen 28 miehen joukkue pystyi puolustautumaan tuhannen vihollisen sotilaan hy\u00f6kk\u00e4yst\u00e4 vastaan Teksti jatkuu...Kolme mielenkiintoista esitelm\u00e4\u00e4 Iisalmen Rukaj\u00e4rvi-keskuksessa 8.12.2017 alkaen klo 18.00, Savonkatu 24, Iisalmi.\u2192","og_url":"https:\/\/www.rukajarvensuunnanhistoriayhdistys.fi\/historiayhdistys\/event\/kolme-mielenkiintoista-esitelmaa-iisalmen-rukajarvi-keskuksessa-8-12-2017-alkaen-klo-18-00-savonkatu-24-iisalmi\/","og_site_name":"Rukaj\u00e4rven suunnan historiayhdistys","article_modified_time":"2017-12-01T22:42:21+00:00","og_image":[{"width":1599,"height":899,"url":"https:\/\/www.rukajarvensuunnanhistoriayhdistys.fi\/historiayhdistys\/wp-content\/uploads\/2017\/11\/image2-2.jpg","type":"image\/jpeg"}],"twitter_misc":{"Arvioitu lukuaika":"1 minuutti"},"schema":{"@context":"https:\/\/schema.org","@graph":[{"@type":"WebPage","@id":"https:\/\/www.rukajarvensuunnanhistoriayhdistys.fi\/historiayhdistys\/event\/kolme-mielenkiintoista-esitelmaa-iisalmen-rukajarvi-keskuksessa-8-12-2017-alkaen-klo-18-00-savonkatu-24-iisalmi\/","url":"https:\/\/www.rukajarvensuunnanhistoriayhdistys.fi\/historiayhdistys\/event\/kolme-mielenkiintoista-esitelmaa-iisalmen-rukajarvi-keskuksessa-8-12-2017-alkaen-klo-18-00-savonkatu-24-iisalmi\/","name":"Kolme mielenkiintoista esitelm\u00e4\u00e4 Iisalmen Rukaj\u00e4rvi-keskuksessa 8.12.2017 alkaen klo 18.00, Savonkatu 24, Iisalmi. - Rukaj\u00e4rven suunnan historiayhdistys","isPartOf":{"@id":"http:\/\/www.rukajarvensuunnanhistoriayhdistys.fi\/historiayhdistys\/#website"},"primaryImageOfPage":{"@id":"https:\/\/www.rukajarvensuunnanhistoriayhdistys.fi\/historiayhdistys\/event\/kolme-mielenkiintoista-esitelmaa-iisalmen-rukajarvi-keskuksessa-8-12-2017-alkaen-klo-18-00-savonkatu-24-iisalmi\/#primaryimage"},"image":{"@id":"https:\/\/www.rukajarvensuunnanhistoriayhdistys.fi\/historiayhdistys\/event\/kolme-mielenkiintoista-esitelmaa-iisalmen-rukajarvi-keskuksessa-8-12-2017-alkaen-klo-18-00-savonkatu-24-iisalmi\/#primaryimage"},"thumbnailUrl":"http:\/\/www.rukajarvensuunnanhistoriayhdistys.fi\/historiayhdistys\/wp-content\/uploads\/2017\/11\/image2-2.jpg","datePublished":"2017-12-01T22:41:43+00:00","dateModified":"2017-12-01T22:42:21+00:00","breadcrumb":{"@id":"https:\/\/www.rukajarvensuunnanhistoriayhdistys.fi\/historiayhdistys\/event\/kolme-mielenkiintoista-esitelmaa-iisalmen-rukajarvi-keskuksessa-8-12-2017-alkaen-klo-18-00-savonkatu-24-iisalmi\/#breadcrumb"},"inLanguage":"fi","potentialAction":[{"@type":"ReadAction","target":["https:\/\/www.rukajarvensuunnanhistoriayhdistys.fi\/historiayhdistys\/event\/kolme-mielenkiintoista-esitelmaa-iisalmen-rukajarvi-keskuksessa-8-12-2017-alkaen-klo-18-00-savonkatu-24-iisalmi\/"]}]},{"@type":"ImageObject","inLanguage":"fi","@id":"https:\/\/www.rukajarvensuunnanhistoriayhdistys.fi\/historiayhdistys\/event\/kolme-mielenkiintoista-esitelmaa-iisalmen-rukajarvi-keskuksessa-8-12-2017-alkaen-klo-18-00-savonkatu-24-iisalmi\/#primaryimage","url":"http:\/\/www.rukajarvensuunnanhistoriayhdistys.fi\/historiayhdistys\/wp-content\/uploads\/2017\/11\/image2-2.jpg","contentUrl":"http:\/\/www.rukajarvensuunnanhistoriayhdistys.fi\/historiayhdistys\/wp-content\/uploads\/2017\/11\/image2-2.jpg","width":1599,"height":899},{"@type":"BreadcrumbList","@id":"https:\/\/www.rukajarvensuunnanhistoriayhdistys.fi\/historiayhdistys\/event\/kolme-mielenkiintoista-esitelmaa-iisalmen-rukajarvi-keskuksessa-8-12-2017-alkaen-klo-18-00-savonkatu-24-iisalmi\/#breadcrumb","itemListElement":[{"@type":"ListItem","position":1,"name":"Etusivu","item":"http:\/\/www.rukajarvensuunnanhistoriayhdistys.fi\/historiayhdistys\/"},{"@type":"ListItem","position":2,"name":"Events","item":"https:\/\/www.rukajarvensuunnanhistoriayhdistys.fi\/historiayhdistys\/event\/"},{"@type":"ListItem","position":3,"name":"Kolme mielenkiintoista esitelm\u00e4\u00e4 Iisalmen Rukaj\u00e4rvi-keskuksessa 8.12.2017 alkaen klo 18.00, Savonkatu 24, Iisalmi."}]},{"@type":"WebSite","@id":"http:\/\/www.rukajarvensuunnanhistoriayhdistys.fi\/historiayhdistys\/#website","url":"http:\/\/www.rukajarvensuunnanhistoriayhdistys.fi\/historiayhdistys\/","name":"Rukaj\u00e4rven suunnan historiayhdistys","description":"Rukaj\u00e4rven suunnan historiayhdistyksen verkkosivut.","publisher":{"@id":"http:\/\/www.rukajarvensuunnanhistoriayhdistys.fi\/historiayhdistys\/#organization"},"potentialAction":[{"@type":"SearchAction","target":{"@type":"EntryPoint","urlTemplate":"http:\/\/www.rukajarvensuunnanhistoriayhdistys.fi\/historiayhdistys\/?s={search_term_string}"},"query-input":{"@type":"PropertyValueSpecification","valueRequired":true,"valueName":"search_term_string"}}],"inLanguage":"fi"},{"@type":"Organization","@id":"http:\/\/www.rukajarvensuunnanhistoriayhdistys.fi\/historiayhdistys\/#organization","name":"Rukaj\u00e4rven suunnan historiayhdistys","url":"http:\/\/www.rukajarvensuunnanhistoriayhdistys.fi\/historiayhdistys\/","logo":{"@type":"ImageObject","inLanguage":"fi","@id":"http:\/\/www.rukajarvensuunnanhistoriayhdistys.fi\/historiayhdistys\/#\/schema\/logo\/image\/","url":"http:\/\/www.rukajarvensuunnanhistoriayhdistys.fi\/historiayhdistys\/wp-content\/uploads\/2013\/12\/Otsake_3.jpg","contentUrl":"http:\/\/www.rukajarvensuunnanhistoriayhdistys.fi\/historiayhdistys\/wp-content\/uploads\/2013\/12\/Otsake_3.jpg","width":1000,"height":442,"caption":"Rukaj\u00e4rven suunnan historiayhdistys"},"image":{"@id":"http:\/\/www.rukajarvensuunnanhistoriayhdistys.fi\/historiayhdistys\/#\/schema\/logo\/image\/"}}]}},"_links":{"self":[{"href":"http:\/\/www.rukajarvensuunnanhistoriayhdistys.fi\/historiayhdistys\/wp-json\/wp\/v2\/event\/11991","targetHints":{"allow":["GET"]}}],"collection":[{"href":"http:\/\/www.rukajarvensuunnanhistoriayhdistys.fi\/historiayhdistys\/wp-json\/wp\/v2\/event"}],"about":[{"href":"http:\/\/www.rukajarvensuunnanhistoriayhdistys.fi\/historiayhdistys\/wp-json\/wp\/v2\/types\/event"}],"author":[{"embeddable":true,"href":"http:\/\/www.rukajarvensuunnanhistoriayhdistys.fi\/historiayhdistys\/wp-json\/wp\/v2\/users\/3"}],"wp:featuredmedia":[{"embeddable":true,"href":"http:\/\/www.rukajarvensuunnanhistoriayhdistys.fi\/historiayhdistys\/wp-json\/wp\/v2\/media\/11955"}],"wp:attachment":[{"href":"http:\/\/www.rukajarvensuunnanhistoriayhdistys.fi\/historiayhdistys\/wp-json\/wp\/v2\/media?parent=11991"}],"wp:term":[{"taxonomy":"event_cat","embeddable":true,"href":"http:\/\/www.rukajarvensuunnanhistoriayhdistys.fi\/historiayhdistys\/wp-json\/wp\/v2\/event_cat?post=11991"}],"curies":[{"name":"wp","href":"https:\/\/api.w.org\/{rel}","templated":true}]}}