{"id":11659,"date":"2017-08-16T22:02:01","date_gmt":"2017-08-16T19:02:01","guid":{"rendered":"http:\/\/www.rukajarvensuunnanhistoriayhdistys.fi\/historiayhdistys\/wp-content\/uploads\/2017\/08\/J\u00e4ljelle-j\u00e4\u00e4neet-numeroitu.jpg"},"modified":"2017-08-16T22:02:53","modified_gmt":"2017-08-16T19:02:53","slug":"jaljelle-jaaneet-numeroitu","status":"inherit","type":"attachment","link":"http:\/\/www.rukajarvensuunnanhistoriayhdistys.fi\/historiayhdistys\/joen-kenttavartion-aineiston-keraystyo-jatkuu-taistelusta-74-vuotta\/jaljelle-jaaneet-numeroitu\/","title":{"rendered":"J\u00e4ljelle j\u00e4\u00e4neet-numeroitu"},"author":3,"featured_media":0,"comment_status":"closed","ping_status":"closed","template":"","meta":[],"class_list":["post-11659","attachment","type-attachment","status-inherit","hentry"],"yoast_head":"<!-- This site is optimized with the Yoast SEO plugin v27.4 - https:\/\/yoast.com\/product\/yoast-seo-wordpress\/ -->\n<title>J\u00e4ljelle j\u00e4\u00e4neet-numeroitu - Rukaj\u00e4rven suunnan historiayhdistys<\/title>\n<meta name=\"robots\" content=\"index, follow, max-snippet:-1, max-image-preview:large, max-video-preview:-1\" \/>\n<link rel=\"canonical\" href=\"http:\/\/www.rukajarvensuunnanhistoriayhdistys.fi\/historiayhdistys\/wp-content\/uploads\/2017\/08\/J\u00e4ljelle-j\u00e4\u00e4neet-numeroitu.jpg\" \/>\n<meta property=\"og:locale\" content=\"fi_FI\" \/>\n<meta property=\"og:type\" content=\"article\" \/>\n<meta property=\"og:title\" content=\"J\u00e4ljelle j\u00e4\u00e4neet-numeroitu - Rukaj\u00e4rven suunnan historiayhdistys\" \/>\n<meta property=\"og:description\" content=\"Kentt\u00e4vartiosotilaita, jotka osallistuivat viimeaikoina k\u00e4ytyihin taisteluihin er\u00e4\u00e4st\u00e4 kentt\u00e4vartiostamme. Joen miehist\u00f6st\u00e4 (28:sta) j\u00e4ljellej\u00e4\u00e4neet. Tsirkka-Kemijoki 1943.10.10. SA-kuva 141547. Teksti jatkuu...J\u00e4ljelle j\u00e4\u00e4neet-numeroitu\u2192\" \/>\n<meta property=\"og:url\" content=\"http:\/\/www.rukajarvensuunnanhistoriayhdistys.fi\/historiayhdistys\/wp-content\/uploads\/2017\/08\/J\u00e4ljelle-j\u00e4\u00e4neet-numeroitu.jpg\" \/>\n<meta property=\"og:site_name\" content=\"Rukaj\u00e4rven suunnan historiayhdistys\" \/>\n<meta property=\"article:modified_time\" content=\"2017-08-16T19:02:53+00:00\" \/>\n<meta property=\"og:image\" content=\"http:\/\/www.rukajarvensuunnanhistoriayhdistys.fi\/historiayhdistys\/wp-content\/uploads\/2017\/08\/J\u00e4ljelle-j\u00e4\u00e4neet-numeroitu.jpg\" \/>\n\t<meta property=\"og:image:width\" content=\"606\" \/>\n\t<meta property=\"og:image:height\" content=\"561\" \/>\n\t<meta property=\"og:image:type\" content=\"image\/jpeg\" \/>\n<script type=\"application\/ld+json\" class=\"yoast-schema-graph\">{\"@context\":\"https:\\\/\\\/schema.org\",\"@graph\":[{\"@type\":\"WebPage\",\"@id\":\"http:\\\/\\\/www.rukajarvensuunnanhistoriayhdistys.fi\\\/historiayhdistys\\\/wp-content\\\/uploads\\\/2017\\\/08\\\/J\u00e4ljelle-j\u00e4\u00e4neet-numeroitu.jpg\",\"url\":\"http:\\\/\\\/www.rukajarvensuunnanhistoriayhdistys.fi\\\/historiayhdistys\\\/wp-content\\\/uploads\\\/2017\\\/08\\\/J\u00e4ljelle-j\u00e4\u00e4neet-numeroitu.jpg\",\"name\":\"J\u00e4ljelle j\u00e4\u00e4neet-numeroitu - Rukaj\u00e4rven suunnan historiayhdistys\",\"isPartOf\":{\"@id\":\"http:\\\/\\\/www.rukajarvensuunnanhistoriayhdistys.fi\\\/historiayhdistys\\\/#website\"},\"datePublished\":\"2017-08-16T19:02:01+00:00\",\"dateModified\":\"2017-08-16T19:02:53+00:00\",\"breadcrumb\":{\"@id\":\"http:\\\/\\\/www.rukajarvensuunnanhistoriayhdistys.fi\\\/historiayhdistys\\\/wp-content\\\/uploads\\\/2017\\\/08\\\/J\u00e4ljelle-j\u00e4\u00e4neet-numeroitu.jpg#breadcrumb\"},\"inLanguage\":\"fi\",\"potentialAction\":[{\"@type\":\"ReadAction\",\"target\":[\"http:\\\/\\\/www.rukajarvensuunnanhistoriayhdistys.fi\\\/historiayhdistys\\\/wp-content\\\/uploads\\\/2017\\\/08\\\/J\u00e4ljelle-j\u00e4\u00e4neet-numeroitu.jpg\"]}]},{\"@type\":\"BreadcrumbList\",\"@id\":\"http:\\\/\\\/www.rukajarvensuunnanhistoriayhdistys.fi\\\/historiayhdistys\\\/wp-content\\\/uploads\\\/2017\\\/08\\\/J\u00e4ljelle-j\u00e4\u00e4neet-numeroitu.jpg#breadcrumb\",\"itemListElement\":[{\"@type\":\"ListItem\",\"position\":1,\"name\":\"Etusivu\",\"item\":\"http:\\\/\\\/www.rukajarvensuunnanhistoriayhdistys.fi\\\/historiayhdistys\\\/\"},{\"@type\":\"ListItem\",\"position\":2,\"name\":\"Joen kentt\u00e4vartion aineiston ker\u00e4ysty\u00f6 jatkuu &#8211; taistelusta 74 vuotta\",\"item\":\"http:\\\/\\\/www.rukajarvensuunnanhistoriayhdistys.fi\\\/historiayhdistys\\\/joen-kenttavartion-aineiston-keraystyo-jatkuu-taistelusta-74-vuotta\\\/\"},{\"@type\":\"ListItem\",\"position\":3,\"name\":\"J\u00e4ljelle j\u00e4\u00e4neet-numeroitu\"}]},{\"@type\":\"WebSite\",\"@id\":\"http:\\\/\\\/www.rukajarvensuunnanhistoriayhdistys.fi\\\/historiayhdistys\\\/#website\",\"url\":\"http:\\\/\\\/www.rukajarvensuunnanhistoriayhdistys.fi\\\/historiayhdistys\\\/\",\"name\":\"Rukaj\u00e4rven suunnan historiayhdistys\",\"description\":\"Rukaj\u00e4rven suunnan historiayhdistyksen verkkosivut.\",\"publisher\":{\"@id\":\"http:\\\/\\\/www.rukajarvensuunnanhistoriayhdistys.fi\\\/historiayhdistys\\\/#organization\"},\"potentialAction\":[{\"@type\":\"SearchAction\",\"target\":{\"@type\":\"EntryPoint\",\"urlTemplate\":\"http:\\\/\\\/www.rukajarvensuunnanhistoriayhdistys.fi\\\/historiayhdistys\\\/?s={search_term_string}\"},\"query-input\":{\"@type\":\"PropertyValueSpecification\",\"valueRequired\":true,\"valueName\":\"search_term_string\"}}],\"inLanguage\":\"fi\"},{\"@type\":\"Organization\",\"@id\":\"http:\\\/\\\/www.rukajarvensuunnanhistoriayhdistys.fi\\\/historiayhdistys\\\/#organization\",\"name\":\"Rukaj\u00e4rven suunnan historiayhdistys\",\"url\":\"http:\\\/\\\/www.rukajarvensuunnanhistoriayhdistys.fi\\\/historiayhdistys\\\/\",\"logo\":{\"@type\":\"ImageObject\",\"inLanguage\":\"fi\",\"@id\":\"http:\\\/\\\/www.rukajarvensuunnanhistoriayhdistys.fi\\\/historiayhdistys\\\/#\\\/schema\\\/logo\\\/image\\\/\",\"url\":\"http:\\\/\\\/www.rukajarvensuunnanhistoriayhdistys.fi\\\/historiayhdistys\\\/wp-content\\\/uploads\\\/2013\\\/12\\\/Otsake_3.jpg\",\"contentUrl\":\"http:\\\/\\\/www.rukajarvensuunnanhistoriayhdistys.fi\\\/historiayhdistys\\\/wp-content\\\/uploads\\\/2013\\\/12\\\/Otsake_3.jpg\",\"width\":1000,\"height\":442,\"caption\":\"Rukaj\u00e4rven suunnan historiayhdistys\"},\"image\":{\"@id\":\"http:\\\/\\\/www.rukajarvensuunnanhistoriayhdistys.fi\\\/historiayhdistys\\\/#\\\/schema\\\/logo\\\/image\\\/\"}}]}<\/script>\n<!-- \/ Yoast SEO plugin. -->","yoast_head_json":{"title":"J\u00e4ljelle j\u00e4\u00e4neet-numeroitu - Rukaj\u00e4rven suunnan historiayhdistys","robots":{"index":"index","follow":"follow","max-snippet":"max-snippet:-1","max-image-preview":"max-image-preview:large","max-video-preview":"max-video-preview:-1"},"canonical":"http:\/\/www.rukajarvensuunnanhistoriayhdistys.fi\/historiayhdistys\/wp-content\/uploads\/2017\/08\/J\u00e4ljelle-j\u00e4\u00e4neet-numeroitu.jpg","og_locale":"fi_FI","og_type":"article","og_title":"J\u00e4ljelle j\u00e4\u00e4neet-numeroitu - Rukaj\u00e4rven suunnan historiayhdistys","og_description":"Kentt\u00e4vartiosotilaita, jotka osallistuivat viimeaikoina k\u00e4ytyihin taisteluihin er\u00e4\u00e4st\u00e4 kentt\u00e4vartiostamme. Joen miehist\u00f6st\u00e4 (28:sta) j\u00e4ljellej\u00e4\u00e4neet. Tsirkka-Kemijoki 1943.10.10. SA-kuva 141547. Teksti jatkuu...J\u00e4ljelle j\u00e4\u00e4neet-numeroitu\u2192","og_url":"http:\/\/www.rukajarvensuunnanhistoriayhdistys.fi\/historiayhdistys\/wp-content\/uploads\/2017\/08\/J\u00e4ljelle-j\u00e4\u00e4neet-numeroitu.jpg","og_site_name":"Rukaj\u00e4rven suunnan historiayhdistys","article_modified_time":"2017-08-16T19:02:53+00:00","og_image":[{"width":606,"height":561,"url":"http:\/\/www.rukajarvensuunnanhistoriayhdistys.fi\/historiayhdistys\/wp-content\/uploads\/2017\/08\/J\u00e4ljelle-j\u00e4\u00e4neet-numeroitu.jpg","type":"image\/jpeg"}],"schema":{"@context":"https:\/\/schema.org","@graph":[{"@type":"WebPage","@id":"http:\/\/www.rukajarvensuunnanhistoriayhdistys.fi\/historiayhdistys\/wp-content\/uploads\/2017\/08\/J\u00e4ljelle-j\u00e4\u00e4neet-numeroitu.jpg","url":"http:\/\/www.rukajarvensuunnanhistoriayhdistys.fi\/historiayhdistys\/wp-content\/uploads\/2017\/08\/J\u00e4ljelle-j\u00e4\u00e4neet-numeroitu.jpg","name":"J\u00e4ljelle j\u00e4\u00e4neet-numeroitu - Rukaj\u00e4rven suunnan historiayhdistys","isPartOf":{"@id":"http:\/\/www.rukajarvensuunnanhistoriayhdistys.fi\/historiayhdistys\/#website"},"datePublished":"2017-08-16T19:02:01+00:00","dateModified":"2017-08-16T19:02:53+00:00","breadcrumb":{"@id":"http:\/\/www.rukajarvensuunnanhistoriayhdistys.fi\/historiayhdistys\/wp-content\/uploads\/2017\/08\/J\u00e4ljelle-j\u00e4\u00e4neet-numeroitu.jpg#breadcrumb"},"inLanguage":"fi","potentialAction":[{"@type":"ReadAction","target":["http:\/\/www.rukajarvensuunnanhistoriayhdistys.fi\/historiayhdistys\/wp-content\/uploads\/2017\/08\/J\u00e4ljelle-j\u00e4\u00e4neet-numeroitu.jpg"]}]},{"@type":"BreadcrumbList","@id":"http:\/\/www.rukajarvensuunnanhistoriayhdistys.fi\/historiayhdistys\/wp-content\/uploads\/2017\/08\/J\u00e4ljelle-j\u00e4\u00e4neet-numeroitu.jpg#breadcrumb","itemListElement":[{"@type":"ListItem","position":1,"name":"Etusivu","item":"http:\/\/www.rukajarvensuunnanhistoriayhdistys.fi\/historiayhdistys\/"},{"@type":"ListItem","position":2,"name":"Joen kentt\u00e4vartion aineiston ker\u00e4ysty\u00f6 jatkuu &#8211; taistelusta 74 vuotta","item":"http:\/\/www.rukajarvensuunnanhistoriayhdistys.fi\/historiayhdistys\/joen-kenttavartion-aineiston-keraystyo-jatkuu-taistelusta-74-vuotta\/"},{"@type":"ListItem","position":3,"name":"J\u00e4ljelle j\u00e4\u00e4neet-numeroitu"}]},{"@type":"WebSite","@id":"http:\/\/www.rukajarvensuunnanhistoriayhdistys.fi\/historiayhdistys\/#website","url":"http:\/\/www.rukajarvensuunnanhistoriayhdistys.fi\/historiayhdistys\/","name":"Rukaj\u00e4rven suunnan historiayhdistys","description":"Rukaj\u00e4rven suunnan historiayhdistyksen verkkosivut.","publisher":{"@id":"http:\/\/www.rukajarvensuunnanhistoriayhdistys.fi\/historiayhdistys\/#organization"},"potentialAction":[{"@type":"SearchAction","target":{"@type":"EntryPoint","urlTemplate":"http:\/\/www.rukajarvensuunnanhistoriayhdistys.fi\/historiayhdistys\/?s={search_term_string}"},"query-input":{"@type":"PropertyValueSpecification","valueRequired":true,"valueName":"search_term_string"}}],"inLanguage":"fi"},{"@type":"Organization","@id":"http:\/\/www.rukajarvensuunnanhistoriayhdistys.fi\/historiayhdistys\/#organization","name":"Rukaj\u00e4rven suunnan historiayhdistys","url":"http:\/\/www.rukajarvensuunnanhistoriayhdistys.fi\/historiayhdistys\/","logo":{"@type":"ImageObject","inLanguage":"fi","@id":"http:\/\/www.rukajarvensuunnanhistoriayhdistys.fi\/historiayhdistys\/#\/schema\/logo\/image\/","url":"http:\/\/www.rukajarvensuunnanhistoriayhdistys.fi\/historiayhdistys\/wp-content\/uploads\/2013\/12\/Otsake_3.jpg","contentUrl":"http:\/\/www.rukajarvensuunnanhistoriayhdistys.fi\/historiayhdistys\/wp-content\/uploads\/2013\/12\/Otsake_3.jpg","width":1000,"height":442,"caption":"Rukaj\u00e4rven suunnan historiayhdistys"},"image":{"@id":"http:\/\/www.rukajarvensuunnanhistoriayhdistys.fi\/historiayhdistys\/#\/schema\/logo\/image\/"}}]}},"description":{"rendered":"<div class=\"fcbkbttn_buttons_block\" id=\"fcbkbttn_left\"><div class=\"fcbkbttn_like \"><fb:like href=\"http:\/\/www.rukajarvensuunnanhistoriayhdistys.fi\/historiayhdistys\/joen-kenttavartion-aineiston-keraystyo-jatkuu-taistelusta-74-vuotta\/jaljelle-jaaneet-numeroitu\/\" action=\"like\" colorscheme=\"light\" layout=\"button_count\"  size=\"small\"><\/fb:like><\/div><\/div><p class=\"attachment\"><a href='http:\/\/www.rukajarvensuunnanhistoriayhdistys.fi\/historiayhdistys\/wp-content\/uploads\/2017\/08\/J\u00e4ljelle-j\u00e4\u00e4neet-numeroitu.jpg'><img loading=\"lazy\" decoding=\"async\" width=\"300\" height=\"278\" src=\"http:\/\/www.rukajarvensuunnanhistoriayhdistys.fi\/historiayhdistys\/wp-content\/uploads\/2017\/08\/J\u00e4ljelle-j\u00e4\u00e4neet-numeroitu-300x278.jpg\" class=\"attachment-medium size-medium\" alt=\"\" srcset=\"http:\/\/www.rukajarvensuunnanhistoriayhdistys.fi\/historiayhdistys\/wp-content\/uploads\/2017\/08\/J\u00e4ljelle-j\u00e4\u00e4neet-numeroitu-300x278.jpg 300w, http:\/\/www.rukajarvensuunnanhistoriayhdistys.fi\/historiayhdistys\/wp-content\/uploads\/2017\/08\/J\u00e4ljelle-j\u00e4\u00e4neet-numeroitu.jpg 606w\" sizes=\"auto, (max-width: 300px) 100vw, 300px\" \/><\/a><\/p>\n"},"caption":{"rendered":"<p>Kentt\u00e4vartiosotilaita, jotka osallistuivat viimeaikoina k\u00e4ytyihin taisteluihin er\u00e4\u00e4st\u00e4 kentt\u00e4vartiostamme. Joen miehist\u00f6st\u00e4 (28:sta) j\u00e4ljellej\u00e4\u00e4neet. Tsirkka-Kemijoki 1943.10.10. SA-kuva 141547. <a class=\"more-link\" href=\"http:\/\/www.rukajarvensuunnanhistoriayhdistys.fi\/historiayhdistys\/joen-kenttavartion-aineiston-keraystyo-jatkuu-taistelusta-74-vuotta\/jaljelle-jaaneet-numeroitu\/\">Teksti jatkuu&#8230;<span class=\"screen-reader-text\">J\u00e4ljelle j\u00e4\u00e4neet-numeroitu<\/span><span class=\"meta-nav\">\u2192<\/span><\/a><\/p>\n"},"alt_text":"","media_type":"image","mime_type":"image\/jpeg","media_details":{"width":606,"height":561,"file":"2017\/08\/J\u00e4ljelle-j\u00e4\u00e4neet-numeroitu.jpg","sizes":{"thumbnail":{"file":"J\u00e4ljelle-j\u00e4\u00e4neet-numeroitu-150x150.jpg","width":150,"height":150,"mime_type":"image\/jpeg","source_url":"http:\/\/www.rukajarvensuunnanhistoriayhdistys.fi\/historiayhdistys\/wp-content\/uploads\/2017\/08\/J\u00e4ljelle-j\u00e4\u00e4neet-numeroitu-150x150.jpg"},"medium":{"file":"J\u00e4ljelle-j\u00e4\u00e4neet-numeroitu-300x278.jpg","width":300,"height":278,"mime_type":"image\/jpeg","source_url":"http:\/\/www.rukajarvensuunnanhistoriayhdistys.fi\/historiayhdistys\/wp-content\/uploads\/2017\/08\/J\u00e4ljelle-j\u00e4\u00e4neet-numeroitu-300x278.jpg"},"featured-slider-larger":{"file":"J\u00e4ljelle-j\u00e4\u00e4neet-numeroitu-606x400.jpg","width":606,"height":400,"mime_type":"image\/jpeg","source_url":"http:\/\/www.rukajarvensuunnanhistoriayhdistys.fi\/historiayhdistys\/wp-content\/uploads\/2017\/08\/J\u00e4ljelle-j\u00e4\u00e4neet-numeroitu-606x400.jpg"},"featured-slider":{"file":"J\u00e4ljelle-j\u00e4\u00e4neet-numeroitu-606x318.jpg","width":606,"height":318,"mime_type":"image\/jpeg","source_url":"http:\/\/www.rukajarvensuunnanhistoriayhdistys.fi\/historiayhdistys\/wp-content\/uploads\/2017\/08\/J\u00e4ljelle-j\u00e4\u00e4neet-numeroitu-606x318.jpg"},"full":{"file":"J\u00e4ljelle-j\u00e4\u00e4neet-numeroitu.jpg","width":606,"height":561,"mime_type":"image\/jpeg","source_url":"http:\/\/www.rukajarvensuunnanhistoriayhdistys.fi\/historiayhdistys\/wp-content\/uploads\/2017\/08\/J\u00e4ljelle-j\u00e4\u00e4neet-numeroitu.jpg"}},"image_meta":{"aperture":"0","credit":"","camera":"","caption":"","created_timestamp":"0","copyright":"","focal_length":"0","iso":"0","shutter_speed":"0","title":"","orientation":"0","keywords":[]}},"post":11658,"source_url":"http:\/\/www.rukajarvensuunnanhistoriayhdistys.fi\/historiayhdistys\/wp-content\/uploads\/2017\/08\/J\u00e4ljelle-j\u00e4\u00e4neet-numeroitu.jpg","_links":{"self":[{"href":"http:\/\/www.rukajarvensuunnanhistoriayhdistys.fi\/historiayhdistys\/wp-json\/wp\/v2\/media\/11659","targetHints":{"allow":["GET"]}}],"collection":[{"href":"http:\/\/www.rukajarvensuunnanhistoriayhdistys.fi\/historiayhdistys\/wp-json\/wp\/v2\/media"}],"about":[{"href":"http:\/\/www.rukajarvensuunnanhistoriayhdistys.fi\/historiayhdistys\/wp-json\/wp\/v2\/types\/attachment"}],"author":[{"embeddable":true,"href":"http:\/\/www.rukajarvensuunnanhistoriayhdistys.fi\/historiayhdistys\/wp-json\/wp\/v2\/users\/3"}],"replies":[{"embeddable":true,"href":"http:\/\/www.rukajarvensuunnanhistoriayhdistys.fi\/historiayhdistys\/wp-json\/wp\/v2\/comments?post=11659"}],"wp:attached-to":[{"embeddable":true,"post_type":"post","id":11658,"href":"http:\/\/www.rukajarvensuunnanhistoriayhdistys.fi\/historiayhdistys\/wp-json\/wp\/v2\/posts\/11658"}],"curies":[{"name":"wp","href":"https:\/\/api.w.org\/{rel}","templated":true}]}}