{"id":12382,"date":"2018-04-27T23:46:24","date_gmt":"2018-04-27T20:46:24","guid":{"rendered":"http:\/\/www.rukajarvensuunnanhistoriayhdistys.fi\/historiayhdistys\/wp-content\/uploads\/2018\/04\/Eino-Syrja\u0308niemi3-2.jpg"},"modified":"2018-04-27T23:46:55","modified_gmt":"2018-04-27T20:46:55","slug":"eino-syrja%cc%88niemi3-2","status":"inherit","type":"attachment","link":"http:\/\/www.rukajarvensuunnanhistoriayhdistys.fi\/historiayhdistys\/rukajarviyhteiso-onnitteli-100-vuotiasta-eino-syrjaniemea\/eino-syrja%cc%88niemi3-2\/","title":{"rendered":"Eino Syrja\u0308niemi3 (2)"},"author":3,"featured_media":0,"comment_status":"closed","ping_status":"closed","template":"","meta":[],"class_list":["post-12382","attachment","type-attachment","status-inherit","hentry"],"yoast_head":"<!-- This site is optimized with the Yoast SEO plugin v27.4 - https:\/\/yoast.com\/product\/yoast-seo-wordpress\/ -->\n<title>Eino Syrja\u0308niemi3 (2) - Rukaj\u00e4rven suunnan historiayhdistys<\/title>\n<meta name=\"robots\" content=\"index, follow, max-snippet:-1, max-image-preview:large, max-video-preview:-1\" \/>\n<link rel=\"canonical\" href=\"https:\/\/www.rukajarvensuunnanhistoriayhdistys.fi\/historiayhdistys\/wp-content\/uploads\/2018\/04\/Eino-Syrja\u0308niemi3-2.jpg\" \/>\n<meta property=\"og:locale\" content=\"fi_FI\" \/>\n<meta property=\"og:type\" content=\"article\" \/>\n<meta property=\"og:title\" content=\"Eino Syrja\u0308niemi3 (2) - Rukaj\u00e4rven suunnan historiayhdistys\" \/>\n<meta property=\"og:description\" content=\"Eino Syrj\u00e4niemi Teksti jatkuu...Eino Syrja\u0308niemi3 (2)\u2192\" \/>\n<meta property=\"og:url\" content=\"https:\/\/www.rukajarvensuunnanhistoriayhdistys.fi\/historiayhdistys\/wp-content\/uploads\/2018\/04\/Eino-Syrja\u0308niemi3-2.jpg\" \/>\n<meta property=\"og:site_name\" content=\"Rukaj\u00e4rven suunnan historiayhdistys\" \/>\n<meta property=\"article:modified_time\" content=\"2018-04-27T20:46:55+00:00\" \/>\n<meta property=\"og:image\" content=\"https:\/\/www.rukajarvensuunnanhistoriayhdistys.fi\/historiayhdistys\/wp-content\/uploads\/2018\/04\/Eino-Syrja\u0308niemi3-2.jpg\" \/>\n\t<meta property=\"og:image:width\" content=\"1008\" \/>\n\t<meta property=\"og:image:height\" content=\"1509\" \/>\n\t<meta property=\"og:image:type\" content=\"image\/jpeg\" \/>\n<script type=\"application\/ld+json\" class=\"yoast-schema-graph\">{\"@context\":\"https:\\\/\\\/schema.org\",\"@graph\":[{\"@type\":\"WebPage\",\"@id\":\"https:\\\/\\\/www.rukajarvensuunnanhistoriayhdistys.fi\\\/historiayhdistys\\\/wp-content\\\/uploads\\\/2018\\\/04\\\/Eino-Syrja\u0308niemi3-2.jpg\",\"url\":\"https:\\\/\\\/www.rukajarvensuunnanhistoriayhdistys.fi\\\/historiayhdistys\\\/wp-content\\\/uploads\\\/2018\\\/04\\\/Eino-Syrja\u0308niemi3-2.jpg\",\"name\":\"Eino Syrja\u0308niemi3 (2) - Rukaj\u00e4rven suunnan historiayhdistys\",\"isPartOf\":{\"@id\":\"http:\\\/\\\/www.rukajarvensuunnanhistoriayhdistys.fi\\\/historiayhdistys\\\/#website\"},\"datePublished\":\"2018-04-27T20:46:24+00:00\",\"dateModified\":\"2018-04-27T20:46:55+00:00\",\"breadcrumb\":{\"@id\":\"https:\\\/\\\/www.rukajarvensuunnanhistoriayhdistys.fi\\\/historiayhdistys\\\/wp-content\\\/uploads\\\/2018\\\/04\\\/Eino-Syrja\u0308niemi3-2.jpg#breadcrumb\"},\"inLanguage\":\"fi\",\"potentialAction\":[{\"@type\":\"ReadAction\",\"target\":[\"https:\\\/\\\/www.rukajarvensuunnanhistoriayhdistys.fi\\\/historiayhdistys\\\/wp-content\\\/uploads\\\/2018\\\/04\\\/Eino-Syrja\u0308niemi3-2.jpg\"]}]},{\"@type\":\"BreadcrumbList\",\"@id\":\"https:\\\/\\\/www.rukajarvensuunnanhistoriayhdistys.fi\\\/historiayhdistys\\\/wp-content\\\/uploads\\\/2018\\\/04\\\/Eino-Syrja\u0308niemi3-2.jpg#breadcrumb\",\"itemListElement\":[{\"@type\":\"ListItem\",\"position\":1,\"name\":\"Etusivu\",\"item\":\"http:\\\/\\\/www.rukajarvensuunnanhistoriayhdistys.fi\\\/historiayhdistys\\\/\"},{\"@type\":\"ListItem\",\"position\":2,\"name\":\"Rukaj\u00e4rviyhteis\u00f6 onnitteli 100-vuotiasta Eino Syrj\u00e4nieme\u00e4\",\"item\":\"https:\\\/\\\/www.rukajarvensuunnanhistoriayhdistys.fi\\\/historiayhdistys\\\/rukajarviyhteiso-onnitteli-100-vuotiasta-eino-syrjaniemea\\\/\"},{\"@type\":\"ListItem\",\"position\":3,\"name\":\"Eino Syrja\u0308niemi3 (2)\"}]},{\"@type\":\"WebSite\",\"@id\":\"http:\\\/\\\/www.rukajarvensuunnanhistoriayhdistys.fi\\\/historiayhdistys\\\/#website\",\"url\":\"http:\\\/\\\/www.rukajarvensuunnanhistoriayhdistys.fi\\\/historiayhdistys\\\/\",\"name\":\"Rukaj\u00e4rven suunnan historiayhdistys\",\"description\":\"Rukaj\u00e4rven suunnan historiayhdistyksen verkkosivut.\",\"publisher\":{\"@id\":\"http:\\\/\\\/www.rukajarvensuunnanhistoriayhdistys.fi\\\/historiayhdistys\\\/#organization\"},\"potentialAction\":[{\"@type\":\"SearchAction\",\"target\":{\"@type\":\"EntryPoint\",\"urlTemplate\":\"http:\\\/\\\/www.rukajarvensuunnanhistoriayhdistys.fi\\\/historiayhdistys\\\/?s={search_term_string}\"},\"query-input\":{\"@type\":\"PropertyValueSpecification\",\"valueRequired\":true,\"valueName\":\"search_term_string\"}}],\"inLanguage\":\"fi\"},{\"@type\":\"Organization\",\"@id\":\"http:\\\/\\\/www.rukajarvensuunnanhistoriayhdistys.fi\\\/historiayhdistys\\\/#organization\",\"name\":\"Rukaj\u00e4rven suunnan historiayhdistys\",\"url\":\"http:\\\/\\\/www.rukajarvensuunnanhistoriayhdistys.fi\\\/historiayhdistys\\\/\",\"logo\":{\"@type\":\"ImageObject\",\"inLanguage\":\"fi\",\"@id\":\"http:\\\/\\\/www.rukajarvensuunnanhistoriayhdistys.fi\\\/historiayhdistys\\\/#\\\/schema\\\/logo\\\/image\\\/\",\"url\":\"http:\\\/\\\/www.rukajarvensuunnanhistoriayhdistys.fi\\\/historiayhdistys\\\/wp-content\\\/uploads\\\/2013\\\/12\\\/Otsake_3.jpg\",\"contentUrl\":\"http:\\\/\\\/www.rukajarvensuunnanhistoriayhdistys.fi\\\/historiayhdistys\\\/wp-content\\\/uploads\\\/2013\\\/12\\\/Otsake_3.jpg\",\"width\":1000,\"height\":442,\"caption\":\"Rukaj\u00e4rven suunnan historiayhdistys\"},\"image\":{\"@id\":\"http:\\\/\\\/www.rukajarvensuunnanhistoriayhdistys.fi\\\/historiayhdistys\\\/#\\\/schema\\\/logo\\\/image\\\/\"}}]}<\/script>\n<!-- \/ Yoast SEO plugin. -->","yoast_head_json":{"title":"Eino Syrja\u0308niemi3 (2) - Rukaj\u00e4rven suunnan historiayhdistys","robots":{"index":"index","follow":"follow","max-snippet":"max-snippet:-1","max-image-preview":"max-image-preview:large","max-video-preview":"max-video-preview:-1"},"canonical":"https:\/\/www.rukajarvensuunnanhistoriayhdistys.fi\/historiayhdistys\/wp-content\/uploads\/2018\/04\/Eino-Syrja\u0308niemi3-2.jpg","og_locale":"fi_FI","og_type":"article","og_title":"Eino Syrja\u0308niemi3 (2) - Rukaj\u00e4rven suunnan historiayhdistys","og_description":"Eino Syrj\u00e4niemi Teksti jatkuu...Eino Syrja\u0308niemi3 (2)\u2192","og_url":"https:\/\/www.rukajarvensuunnanhistoriayhdistys.fi\/historiayhdistys\/wp-content\/uploads\/2018\/04\/Eino-Syrja\u0308niemi3-2.jpg","og_site_name":"Rukaj\u00e4rven suunnan historiayhdistys","article_modified_time":"2018-04-27T20:46:55+00:00","og_image":[{"width":1008,"height":1509,"url":"https:\/\/www.rukajarvensuunnanhistoriayhdistys.fi\/historiayhdistys\/wp-content\/uploads\/2018\/04\/Eino-Syrja\u0308niemi3-2.jpg","type":"image\/jpeg"}],"schema":{"@context":"https:\/\/schema.org","@graph":[{"@type":"WebPage","@id":"https:\/\/www.rukajarvensuunnanhistoriayhdistys.fi\/historiayhdistys\/wp-content\/uploads\/2018\/04\/Eino-Syrja\u0308niemi3-2.jpg","url":"https:\/\/www.rukajarvensuunnanhistoriayhdistys.fi\/historiayhdistys\/wp-content\/uploads\/2018\/04\/Eino-Syrja\u0308niemi3-2.jpg","name":"Eino Syrja\u0308niemi3 (2) - Rukaj\u00e4rven suunnan historiayhdistys","isPartOf":{"@id":"http:\/\/www.rukajarvensuunnanhistoriayhdistys.fi\/historiayhdistys\/#website"},"datePublished":"2018-04-27T20:46:24+00:00","dateModified":"2018-04-27T20:46:55+00:00","breadcrumb":{"@id":"https:\/\/www.rukajarvensuunnanhistoriayhdistys.fi\/historiayhdistys\/wp-content\/uploads\/2018\/04\/Eino-Syrja\u0308niemi3-2.jpg#breadcrumb"},"inLanguage":"fi","potentialAction":[{"@type":"ReadAction","target":["https:\/\/www.rukajarvensuunnanhistoriayhdistys.fi\/historiayhdistys\/wp-content\/uploads\/2018\/04\/Eino-Syrja\u0308niemi3-2.jpg"]}]},{"@type":"BreadcrumbList","@id":"https:\/\/www.rukajarvensuunnanhistoriayhdistys.fi\/historiayhdistys\/wp-content\/uploads\/2018\/04\/Eino-Syrja\u0308niemi3-2.jpg#breadcrumb","itemListElement":[{"@type":"ListItem","position":1,"name":"Etusivu","item":"http:\/\/www.rukajarvensuunnanhistoriayhdistys.fi\/historiayhdistys\/"},{"@type":"ListItem","position":2,"name":"Rukaj\u00e4rviyhteis\u00f6 onnitteli 100-vuotiasta Eino Syrj\u00e4nieme\u00e4","item":"https:\/\/www.rukajarvensuunnanhistoriayhdistys.fi\/historiayhdistys\/rukajarviyhteiso-onnitteli-100-vuotiasta-eino-syrjaniemea\/"},{"@type":"ListItem","position":3,"name":"Eino Syrja\u0308niemi3 (2)"}]},{"@type":"WebSite","@id":"http:\/\/www.rukajarvensuunnanhistoriayhdistys.fi\/historiayhdistys\/#website","url":"http:\/\/www.rukajarvensuunnanhistoriayhdistys.fi\/historiayhdistys\/","name":"Rukaj\u00e4rven suunnan historiayhdistys","description":"Rukaj\u00e4rven suunnan historiayhdistyksen verkkosivut.","publisher":{"@id":"http:\/\/www.rukajarvensuunnanhistoriayhdistys.fi\/historiayhdistys\/#organization"},"potentialAction":[{"@type":"SearchAction","target":{"@type":"EntryPoint","urlTemplate":"http:\/\/www.rukajarvensuunnanhistoriayhdistys.fi\/historiayhdistys\/?s={search_term_string}"},"query-input":{"@type":"PropertyValueSpecification","valueRequired":true,"valueName":"search_term_string"}}],"inLanguage":"fi"},{"@type":"Organization","@id":"http:\/\/www.rukajarvensuunnanhistoriayhdistys.fi\/historiayhdistys\/#organization","name":"Rukaj\u00e4rven suunnan historiayhdistys","url":"http:\/\/www.rukajarvensuunnanhistoriayhdistys.fi\/historiayhdistys\/","logo":{"@type":"ImageObject","inLanguage":"fi","@id":"http:\/\/www.rukajarvensuunnanhistoriayhdistys.fi\/historiayhdistys\/#\/schema\/logo\/image\/","url":"http:\/\/www.rukajarvensuunnanhistoriayhdistys.fi\/historiayhdistys\/wp-content\/uploads\/2013\/12\/Otsake_3.jpg","contentUrl":"http:\/\/www.rukajarvensuunnanhistoriayhdistys.fi\/historiayhdistys\/wp-content\/uploads\/2013\/12\/Otsake_3.jpg","width":1000,"height":442,"caption":"Rukaj\u00e4rven suunnan historiayhdistys"},"image":{"@id":"http:\/\/www.rukajarvensuunnanhistoriayhdistys.fi\/historiayhdistys\/#\/schema\/logo\/image\/"}}]}},"description":{"rendered":"<div class=\"fcbkbttn_buttons_block\" id=\"fcbkbttn_left\"><div class=\"fcbkbttn_like \"><fb:like href=\"http:\/\/www.rukajarvensuunnanhistoriayhdistys.fi\/historiayhdistys\/rukajarviyhteiso-onnitteli-100-vuotiasta-eino-syrjaniemea\/eino-syrja%cc%88niemi3-2\/\" action=\"like\" colorscheme=\"light\" layout=\"button_count\"  size=\"small\"><\/fb:like><\/div><\/div><p class=\"attachment\"><a href='http:\/\/www.rukajarvensuunnanhistoriayhdistys.fi\/historiayhdistys\/wp-content\/uploads\/2018\/04\/Eino-Syrja\u0308niemi3-2.jpg'><img loading=\"lazy\" decoding=\"async\" width=\"200\" height=\"300\" src=\"http:\/\/www.rukajarvensuunnanhistoriayhdistys.fi\/historiayhdistys\/wp-content\/uploads\/2018\/04\/Eino-Syrja\u0308niemi3-2-200x300.jpg\" class=\"attachment-medium size-medium\" alt=\"\" srcset=\"http:\/\/www.rukajarvensuunnanhistoriayhdistys.fi\/historiayhdistys\/wp-content\/uploads\/2018\/04\/Eino-Syrja\u0308niemi3-2-200x300.jpg 200w, http:\/\/www.rukajarvensuunnanhistoriayhdistys.fi\/historiayhdistys\/wp-content\/uploads\/2018\/04\/Eino-Syrja\u0308niemi3-2-768x1150.jpg 768w, http:\/\/www.rukajarvensuunnanhistoriayhdistys.fi\/historiayhdistys\/wp-content\/uploads\/2018\/04\/Eino-Syrja\u0308niemi3-2-684x1024.jpg 684w, http:\/\/www.rukajarvensuunnanhistoriayhdistys.fi\/historiayhdistys\/wp-content\/uploads\/2018\/04\/Eino-Syrja\u0308niemi3-2.jpg 1008w\" sizes=\"auto, (max-width: 200px) 100vw, 200px\" \/><\/a><\/p>\n"},"caption":{"rendered":"<p>Eino Syrj\u00e4niemi <a class=\"more-link\" href=\"http:\/\/www.rukajarvensuunnanhistoriayhdistys.fi\/historiayhdistys\/rukajarviyhteiso-onnitteli-100-vuotiasta-eino-syrjaniemea\/eino-syrja%cc%88niemi3-2\/\">Teksti jatkuu&#8230;<span class=\"screen-reader-text\">Eino Syrja\u0308niemi3 (2)<\/span><span class=\"meta-nav\">\u2192<\/span><\/a><\/p>\n"},"alt_text":"","media_type":"image","mime_type":"image\/jpeg","media_details":{"width":1008,"height":1509,"file":"2018\/04\/Eino-Syrja\u0308niemi3-2.jpg","sizes":{"thumbnail":{"file":"Eino-Syrja\u0308niemi3-2-150x150.jpg","width":150,"height":150,"mime_type":"image\/jpeg","source_url":"http:\/\/www.rukajarvensuunnanhistoriayhdistys.fi\/historiayhdistys\/wp-content\/uploads\/2018\/04\/Eino-Syrja\u0308niemi3-2-150x150.jpg"},"medium":{"file":"Eino-Syrja\u0308niemi3-2-200x300.jpg","width":200,"height":300,"mime_type":"image\/jpeg","source_url":"http:\/\/www.rukajarvensuunnanhistoriayhdistys.fi\/historiayhdistys\/wp-content\/uploads\/2018\/04\/Eino-Syrja\u0308niemi3-2-200x300.jpg"},"medium_large":{"file":"Eino-Syrja\u0308niemi3-2-768x1150.jpg","width":768,"height":1150,"mime_type":"image\/jpeg","source_url":"http:\/\/www.rukajarvensuunnanhistoriayhdistys.fi\/historiayhdistys\/wp-content\/uploads\/2018\/04\/Eino-Syrja\u0308niemi3-2-768x1150.jpg"},"large":{"file":"Eino-Syrja\u0308niemi3-2-684x1024.jpg","width":684,"height":1024,"mime_type":"image\/jpeg","source_url":"http:\/\/www.rukajarvensuunnanhistoriayhdistys.fi\/historiayhdistys\/wp-content\/uploads\/2018\/04\/Eino-Syrja\u0308niemi3-2-684x1024.jpg"},"featured-slider-larger":{"file":"Eino-Syrja\u0308niemi3-2-980x400.jpg","width":980,"height":400,"mime_type":"image\/jpeg","source_url":"http:\/\/www.rukajarvensuunnanhistoriayhdistys.fi\/historiayhdistys\/wp-content\/uploads\/2018\/04\/Eino-Syrja\u0308niemi3-2-980x400.jpg"},"featured-slider":{"file":"Eino-Syrja\u0308niemi3-2-640x318.jpg","width":640,"height":318,"mime_type":"image\/jpeg","source_url":"http:\/\/www.rukajarvensuunnanhistoriayhdistys.fi\/historiayhdistys\/wp-content\/uploads\/2018\/04\/Eino-Syrja\u0308niemi3-2-640x318.jpg"},"full":{"file":"Eino-Syrja\u0308niemi3-2.jpg","width":1008,"height":1509,"mime_type":"image\/jpeg","source_url":"http:\/\/www.rukajarvensuunnanhistoriayhdistys.fi\/historiayhdistys\/wp-content\/uploads\/2018\/04\/Eino-Syrja\u0308niemi3-2.jpg"}},"image_meta":{"aperture":"4","credit":"","camera":"NIKON D610","caption":"","created_timestamp":"1481032004","copyright":"","focal_length":"86","iso":"4000","shutter_speed":"0.01","title":"","orientation":"1","keywords":[]}},"post":12380,"source_url":"http:\/\/www.rukajarvensuunnanhistoriayhdistys.fi\/historiayhdistys\/wp-content\/uploads\/2018\/04\/Eino-Syrja\u0308niemi3-2.jpg","_links":{"self":[{"href":"http:\/\/www.rukajarvensuunnanhistoriayhdistys.fi\/historiayhdistys\/wp-json\/wp\/v2\/media\/12382","targetHints":{"allow":["GET"]}}],"collection":[{"href":"http:\/\/www.rukajarvensuunnanhistoriayhdistys.fi\/historiayhdistys\/wp-json\/wp\/v2\/media"}],"about":[{"href":"http:\/\/www.rukajarvensuunnanhistoriayhdistys.fi\/historiayhdistys\/wp-json\/wp\/v2\/types\/attachment"}],"author":[{"embeddable":true,"href":"http:\/\/www.rukajarvensuunnanhistoriayhdistys.fi\/historiayhdistys\/wp-json\/wp\/v2\/users\/3"}],"replies":[{"embeddable":true,"href":"http:\/\/www.rukajarvensuunnanhistoriayhdistys.fi\/historiayhdistys\/wp-json\/wp\/v2\/comments?post=12382"}],"wp:attached-to":[{"embeddable":true,"post_type":"post","id":12380,"href":"http:\/\/www.rukajarvensuunnanhistoriayhdistys.fi\/historiayhdistys\/wp-json\/wp\/v2\/posts\/12380"}],"curies":[{"name":"wp","href":"https:\/\/api.w.org\/{rel}","templated":true}]}}