{"id":12731,"date":"2018-10-01T07:10:43","date_gmt":"2018-10-01T04:10:43","guid":{"rendered":"http:\/\/www.rukajarvensuunnanhistoriayhdistys.fi\/historiayhdistys\/wp-content\/uploads\/2018\/10\/20180928_175139-Lehikoinen-Tikkanen-Tenho-2.jpg"},"modified":"2018-10-01T07:15:57","modified_gmt":"2018-10-01T04:15:57","slug":"20180928_175139-lehikoinen-tikkanen-tenho-2","status":"inherit","type":"attachment","link":"http:\/\/www.rukajarvensuunnanhistoriayhdistys.fi\/historiayhdistys\/yllattava-huomionosoitus-tenho-tikkasesta-vuoden-lieksalainen-2018\/20180928_175139-lehikoinen-tikkanen-tenho-2\/","title":{"rendered":"20180928_175139-Lehikoinen-Tikkanen Tenho-2"},"author":3,"featured_media":0,"comment_status":"closed","ping_status":"closed","template":"","meta":[],"class_list":["post-12731","attachment","type-attachment","status-inherit","hentry"],"yoast_head":"<!-- This site is optimized with the Yoast SEO plugin v27.4 - https:\/\/yoast.com\/product\/yoast-seo-wordpress\/ -->\n<title>20180928_175139-Lehikoinen-Tikkanen Tenho-2 - Rukaj\u00e4rven suunnan historiayhdistys<\/title>\n<meta name=\"robots\" content=\"index, follow, max-snippet:-1, max-image-preview:large, max-video-preview:-1\" \/>\n<link rel=\"canonical\" href=\"https:\/\/www.rukajarvensuunnanhistoriayhdistys.fi\/historiayhdistys\/wp-content\/uploads\/2018\/10\/20180928_175139-Lehikoinen-Tikkanen-Tenho-2.jpg\" \/>\n<meta property=\"og:locale\" content=\"fi_FI\" \/>\n<meta property=\"og:type\" content=\"article\" \/>\n<meta property=\"og:title\" content=\"20180928_175139-Lehikoinen-Tikkanen Tenho-2 - Rukaj\u00e4rven suunnan historiayhdistys\" \/>\n<meta property=\"og:description\" content=\"Lieksan yritt\u00e4jien puheenjohtaja Taisto Lehikoinen luovutti vuoden 2018 lieksalainen kunniakirjan Tenho Tikkaselle. Lieksan kaupunkikeskuksessa j\u00e4rjestetty &quot;H\u00e4m\u00e4r\u00e4nkaupan illan&quot; tapahtuma oli 11 kerta. Tapahtuma k\u00e4ynnistyi aikanaan juuri Taisto Lehikoisen idean pohjalta. T\u00e4ll\u00e4 kertaa tapahtumaan osallistui per\u00e4ti 5000 vierasta. Teksti jatkuu...20180928_175139-Lehikoinen-Tikkanen Tenho-2\u2192\" \/>\n<meta property=\"og:url\" content=\"https:\/\/www.rukajarvensuunnanhistoriayhdistys.fi\/historiayhdistys\/wp-content\/uploads\/2018\/10\/20180928_175139-Lehikoinen-Tikkanen-Tenho-2.jpg\" \/>\n<meta property=\"og:site_name\" content=\"Rukaj\u00e4rven suunnan historiayhdistys\" \/>\n<meta property=\"article:modified_time\" content=\"2018-10-01T04:15:57+00:00\" \/>\n<meta property=\"og:image\" content=\"https:\/\/www.rukajarvensuunnanhistoriayhdistys.fi\/historiayhdistys\/wp-content\/uploads\/2018\/10\/20180928_175139-Lehikoinen-Tikkanen-Tenho-2.jpg\" \/>\n\t<meta property=\"og:image:width\" content=\"1312\" \/>\n\t<meta property=\"og:image:height\" content=\"856\" \/>\n\t<meta property=\"og:image:type\" content=\"image\/jpeg\" \/>\n<script type=\"application\/ld+json\" class=\"yoast-schema-graph\">{\"@context\":\"https:\\\/\\\/schema.org\",\"@graph\":[{\"@type\":\"WebPage\",\"@id\":\"https:\\\/\\\/www.rukajarvensuunnanhistoriayhdistys.fi\\\/historiayhdistys\\\/wp-content\\\/uploads\\\/2018\\\/10\\\/20180928_175139-Lehikoinen-Tikkanen-Tenho-2.jpg\",\"url\":\"https:\\\/\\\/www.rukajarvensuunnanhistoriayhdistys.fi\\\/historiayhdistys\\\/wp-content\\\/uploads\\\/2018\\\/10\\\/20180928_175139-Lehikoinen-Tikkanen-Tenho-2.jpg\",\"name\":\"20180928_175139-Lehikoinen-Tikkanen Tenho-2 - Rukaj\u00e4rven suunnan historiayhdistys\",\"isPartOf\":{\"@id\":\"http:\\\/\\\/www.rukajarvensuunnanhistoriayhdistys.fi\\\/historiayhdistys\\\/#website\"},\"datePublished\":\"2018-10-01T04:10:43+00:00\",\"dateModified\":\"2018-10-01T04:15:57+00:00\",\"breadcrumb\":{\"@id\":\"https:\\\/\\\/www.rukajarvensuunnanhistoriayhdistys.fi\\\/historiayhdistys\\\/wp-content\\\/uploads\\\/2018\\\/10\\\/20180928_175139-Lehikoinen-Tikkanen-Tenho-2.jpg#breadcrumb\"},\"inLanguage\":\"fi\",\"potentialAction\":[{\"@type\":\"ReadAction\",\"target\":[\"https:\\\/\\\/www.rukajarvensuunnanhistoriayhdistys.fi\\\/historiayhdistys\\\/wp-content\\\/uploads\\\/2018\\\/10\\\/20180928_175139-Lehikoinen-Tikkanen-Tenho-2.jpg\"]}]},{\"@type\":\"BreadcrumbList\",\"@id\":\"https:\\\/\\\/www.rukajarvensuunnanhistoriayhdistys.fi\\\/historiayhdistys\\\/wp-content\\\/uploads\\\/2018\\\/10\\\/20180928_175139-Lehikoinen-Tikkanen-Tenho-2.jpg#breadcrumb\",\"itemListElement\":[{\"@type\":\"ListItem\",\"position\":1,\"name\":\"Etusivu\",\"item\":\"http:\\\/\\\/www.rukajarvensuunnanhistoriayhdistys.fi\\\/historiayhdistys\\\/\"},{\"@type\":\"ListItem\",\"position\":2,\"name\":\"Yll\u00e4tt\u00e4v\u00e4 huomionosoitus &#8211; Tenho Tikkasesta vuoden lieksalainen 2018.\",\"item\":\"https:\\\/\\\/www.rukajarvensuunnanhistoriayhdistys.fi\\\/historiayhdistys\\\/yllattava-huomionosoitus-tenho-tikkasesta-vuoden-lieksalainen-2018\\\/\"},{\"@type\":\"ListItem\",\"position\":3,\"name\":\"20180928_175139-Lehikoinen-Tikkanen Tenho-2\"}]},{\"@type\":\"WebSite\",\"@id\":\"http:\\\/\\\/www.rukajarvensuunnanhistoriayhdistys.fi\\\/historiayhdistys\\\/#website\",\"url\":\"http:\\\/\\\/www.rukajarvensuunnanhistoriayhdistys.fi\\\/historiayhdistys\\\/\",\"name\":\"Rukaj\u00e4rven suunnan historiayhdistys\",\"description\":\"Rukaj\u00e4rven suunnan historiayhdistyksen verkkosivut.\",\"publisher\":{\"@id\":\"http:\\\/\\\/www.rukajarvensuunnanhistoriayhdistys.fi\\\/historiayhdistys\\\/#organization\"},\"potentialAction\":[{\"@type\":\"SearchAction\",\"target\":{\"@type\":\"EntryPoint\",\"urlTemplate\":\"http:\\\/\\\/www.rukajarvensuunnanhistoriayhdistys.fi\\\/historiayhdistys\\\/?s={search_term_string}\"},\"query-input\":{\"@type\":\"PropertyValueSpecification\",\"valueRequired\":true,\"valueName\":\"search_term_string\"}}],\"inLanguage\":\"fi\"},{\"@type\":\"Organization\",\"@id\":\"http:\\\/\\\/www.rukajarvensuunnanhistoriayhdistys.fi\\\/historiayhdistys\\\/#organization\",\"name\":\"Rukaj\u00e4rven suunnan historiayhdistys\",\"url\":\"http:\\\/\\\/www.rukajarvensuunnanhistoriayhdistys.fi\\\/historiayhdistys\\\/\",\"logo\":{\"@type\":\"ImageObject\",\"inLanguage\":\"fi\",\"@id\":\"http:\\\/\\\/www.rukajarvensuunnanhistoriayhdistys.fi\\\/historiayhdistys\\\/#\\\/schema\\\/logo\\\/image\\\/\",\"url\":\"http:\\\/\\\/www.rukajarvensuunnanhistoriayhdistys.fi\\\/historiayhdistys\\\/wp-content\\\/uploads\\\/2013\\\/12\\\/Otsake_3.jpg\",\"contentUrl\":\"http:\\\/\\\/www.rukajarvensuunnanhistoriayhdistys.fi\\\/historiayhdistys\\\/wp-content\\\/uploads\\\/2013\\\/12\\\/Otsake_3.jpg\",\"width\":1000,\"height\":442,\"caption\":\"Rukaj\u00e4rven suunnan historiayhdistys\"},\"image\":{\"@id\":\"http:\\\/\\\/www.rukajarvensuunnanhistoriayhdistys.fi\\\/historiayhdistys\\\/#\\\/schema\\\/logo\\\/image\\\/\"}}]}<\/script>\n<!-- \/ Yoast SEO plugin. -->","yoast_head_json":{"title":"20180928_175139-Lehikoinen-Tikkanen Tenho-2 - Rukaj\u00e4rven suunnan historiayhdistys","robots":{"index":"index","follow":"follow","max-snippet":"max-snippet:-1","max-image-preview":"max-image-preview:large","max-video-preview":"max-video-preview:-1"},"canonical":"https:\/\/www.rukajarvensuunnanhistoriayhdistys.fi\/historiayhdistys\/wp-content\/uploads\/2018\/10\/20180928_175139-Lehikoinen-Tikkanen-Tenho-2.jpg","og_locale":"fi_FI","og_type":"article","og_title":"20180928_175139-Lehikoinen-Tikkanen Tenho-2 - Rukaj\u00e4rven suunnan historiayhdistys","og_description":"Lieksan yritt\u00e4jien puheenjohtaja Taisto Lehikoinen luovutti vuoden 2018 lieksalainen kunniakirjan Tenho Tikkaselle. Lieksan kaupunkikeskuksessa j\u00e4rjestetty \"H\u00e4m\u00e4r\u00e4nkaupan illan\" tapahtuma oli 11 kerta. Tapahtuma k\u00e4ynnistyi aikanaan juuri Taisto Lehikoisen idean pohjalta. T\u00e4ll\u00e4 kertaa tapahtumaan osallistui per\u00e4ti 5000 vierasta. Teksti jatkuu...20180928_175139-Lehikoinen-Tikkanen Tenho-2\u2192","og_url":"https:\/\/www.rukajarvensuunnanhistoriayhdistys.fi\/historiayhdistys\/wp-content\/uploads\/2018\/10\/20180928_175139-Lehikoinen-Tikkanen-Tenho-2.jpg","og_site_name":"Rukaj\u00e4rven suunnan historiayhdistys","article_modified_time":"2018-10-01T04:15:57+00:00","og_image":[{"width":1312,"height":856,"url":"https:\/\/www.rukajarvensuunnanhistoriayhdistys.fi\/historiayhdistys\/wp-content\/uploads\/2018\/10\/20180928_175139-Lehikoinen-Tikkanen-Tenho-2.jpg","type":"image\/jpeg"}],"schema":{"@context":"https:\/\/schema.org","@graph":[{"@type":"WebPage","@id":"https:\/\/www.rukajarvensuunnanhistoriayhdistys.fi\/historiayhdistys\/wp-content\/uploads\/2018\/10\/20180928_175139-Lehikoinen-Tikkanen-Tenho-2.jpg","url":"https:\/\/www.rukajarvensuunnanhistoriayhdistys.fi\/historiayhdistys\/wp-content\/uploads\/2018\/10\/20180928_175139-Lehikoinen-Tikkanen-Tenho-2.jpg","name":"20180928_175139-Lehikoinen-Tikkanen Tenho-2 - Rukaj\u00e4rven suunnan historiayhdistys","isPartOf":{"@id":"http:\/\/www.rukajarvensuunnanhistoriayhdistys.fi\/historiayhdistys\/#website"},"datePublished":"2018-10-01T04:10:43+00:00","dateModified":"2018-10-01T04:15:57+00:00","breadcrumb":{"@id":"https:\/\/www.rukajarvensuunnanhistoriayhdistys.fi\/historiayhdistys\/wp-content\/uploads\/2018\/10\/20180928_175139-Lehikoinen-Tikkanen-Tenho-2.jpg#breadcrumb"},"inLanguage":"fi","potentialAction":[{"@type":"ReadAction","target":["https:\/\/www.rukajarvensuunnanhistoriayhdistys.fi\/historiayhdistys\/wp-content\/uploads\/2018\/10\/20180928_175139-Lehikoinen-Tikkanen-Tenho-2.jpg"]}]},{"@type":"BreadcrumbList","@id":"https:\/\/www.rukajarvensuunnanhistoriayhdistys.fi\/historiayhdistys\/wp-content\/uploads\/2018\/10\/20180928_175139-Lehikoinen-Tikkanen-Tenho-2.jpg#breadcrumb","itemListElement":[{"@type":"ListItem","position":1,"name":"Etusivu","item":"http:\/\/www.rukajarvensuunnanhistoriayhdistys.fi\/historiayhdistys\/"},{"@type":"ListItem","position":2,"name":"Yll\u00e4tt\u00e4v\u00e4 huomionosoitus &#8211; Tenho Tikkasesta vuoden lieksalainen 2018.","item":"https:\/\/www.rukajarvensuunnanhistoriayhdistys.fi\/historiayhdistys\/yllattava-huomionosoitus-tenho-tikkasesta-vuoden-lieksalainen-2018\/"},{"@type":"ListItem","position":3,"name":"20180928_175139-Lehikoinen-Tikkanen Tenho-2"}]},{"@type":"WebSite","@id":"http:\/\/www.rukajarvensuunnanhistoriayhdistys.fi\/historiayhdistys\/#website","url":"http:\/\/www.rukajarvensuunnanhistoriayhdistys.fi\/historiayhdistys\/","name":"Rukaj\u00e4rven suunnan historiayhdistys","description":"Rukaj\u00e4rven suunnan historiayhdistyksen verkkosivut.","publisher":{"@id":"http:\/\/www.rukajarvensuunnanhistoriayhdistys.fi\/historiayhdistys\/#organization"},"potentialAction":[{"@type":"SearchAction","target":{"@type":"EntryPoint","urlTemplate":"http:\/\/www.rukajarvensuunnanhistoriayhdistys.fi\/historiayhdistys\/?s={search_term_string}"},"query-input":{"@type":"PropertyValueSpecification","valueRequired":true,"valueName":"search_term_string"}}],"inLanguage":"fi"},{"@type":"Organization","@id":"http:\/\/www.rukajarvensuunnanhistoriayhdistys.fi\/historiayhdistys\/#organization","name":"Rukaj\u00e4rven suunnan historiayhdistys","url":"http:\/\/www.rukajarvensuunnanhistoriayhdistys.fi\/historiayhdistys\/","logo":{"@type":"ImageObject","inLanguage":"fi","@id":"http:\/\/www.rukajarvensuunnanhistoriayhdistys.fi\/historiayhdistys\/#\/schema\/logo\/image\/","url":"http:\/\/www.rukajarvensuunnanhistoriayhdistys.fi\/historiayhdistys\/wp-content\/uploads\/2013\/12\/Otsake_3.jpg","contentUrl":"http:\/\/www.rukajarvensuunnanhistoriayhdistys.fi\/historiayhdistys\/wp-content\/uploads\/2013\/12\/Otsake_3.jpg","width":1000,"height":442,"caption":"Rukaj\u00e4rven suunnan historiayhdistys"},"image":{"@id":"http:\/\/www.rukajarvensuunnanhistoriayhdistys.fi\/historiayhdistys\/#\/schema\/logo\/image\/"}}]}},"description":{"rendered":"<div class=\"fcbkbttn_buttons_block\" id=\"fcbkbttn_left\"><div class=\"fcbkbttn_like \"><fb:like href=\"http:\/\/www.rukajarvensuunnanhistoriayhdistys.fi\/historiayhdistys\/yllattava-huomionosoitus-tenho-tikkasesta-vuoden-lieksalainen-2018\/20180928_175139-lehikoinen-tikkanen-tenho-2\/\" action=\"like\" colorscheme=\"light\" layout=\"button_count\"  size=\"small\"><\/fb:like><\/div><\/div><p class=\"attachment\"><a href='http:\/\/www.rukajarvensuunnanhistoriayhdistys.fi\/historiayhdistys\/wp-content\/uploads\/2018\/10\/20180928_175139-Lehikoinen-Tikkanen-Tenho-2.jpg'><img loading=\"lazy\" decoding=\"async\" width=\"300\" height=\"196\" src=\"http:\/\/www.rukajarvensuunnanhistoriayhdistys.fi\/historiayhdistys\/wp-content\/uploads\/2018\/10\/20180928_175139-Lehikoinen-Tikkanen-Tenho-2-300x196.jpg\" class=\"attachment-medium size-medium\" alt=\"\" srcset=\"http:\/\/www.rukajarvensuunnanhistoriayhdistys.fi\/historiayhdistys\/wp-content\/uploads\/2018\/10\/20180928_175139-Lehikoinen-Tikkanen-Tenho-2-300x196.jpg 300w, http:\/\/www.rukajarvensuunnanhistoriayhdistys.fi\/historiayhdistys\/wp-content\/uploads\/2018\/10\/20180928_175139-Lehikoinen-Tikkanen-Tenho-2-768x501.jpg 768w, http:\/\/www.rukajarvensuunnanhistoriayhdistys.fi\/historiayhdistys\/wp-content\/uploads\/2018\/10\/20180928_175139-Lehikoinen-Tikkanen-Tenho-2-1024x668.jpg 1024w, http:\/\/www.rukajarvensuunnanhistoriayhdistys.fi\/historiayhdistys\/wp-content\/uploads\/2018\/10\/20180928_175139-Lehikoinen-Tikkanen-Tenho-2.jpg 1312w\" sizes=\"auto, (max-width: 300px) 100vw, 300px\" \/><\/a><\/p>\n"},"caption":{"rendered":"<p>Lieksan yritt\u00e4jien puheenjohtaja Taisto Lehikoinen luovutti vuoden 2018 lieksalainen kunniakirjan Tenho Tikkaselle. Lieksan kaupunkikeskuksessa j\u00e4rjestetty &#8221;H\u00e4m\u00e4r\u00e4nkaupan illan&#8221; tapahtuma oli 11 kerta. Tapahtuma k\u00e4ynnistyi aikanaan juuri Taisto Lehikoisen idean pohjalta. T\u00e4ll\u00e4 kertaa tapahtumaan osallistui per\u00e4ti 5000 vierasta. <a class=\"more-link\" href=\"http:\/\/www.rukajarvensuunnanhistoriayhdistys.fi\/historiayhdistys\/yllattava-huomionosoitus-tenho-tikkasesta-vuoden-lieksalainen-2018\/20180928_175139-lehikoinen-tikkanen-tenho-2\/\">Teksti jatkuu&#8230;<span class=\"screen-reader-text\">20180928_175139-Lehikoinen-Tikkanen Tenho-2<\/span><span class=\"meta-nav\">\u2192<\/span><\/a><\/p>\n"},"alt_text":"","media_type":"image","mime_type":"image\/jpeg","media_details":{"width":1312,"height":856,"file":"2018\/10\/20180928_175139-Lehikoinen-Tikkanen-Tenho-2.jpg","sizes":{"thumbnail":{"file":"20180928_175139-Lehikoinen-Tikkanen-Tenho-2-150x150.jpg","width":150,"height":150,"mime_type":"image\/jpeg","source_url":"http:\/\/www.rukajarvensuunnanhistoriayhdistys.fi\/historiayhdistys\/wp-content\/uploads\/2018\/10\/20180928_175139-Lehikoinen-Tikkanen-Tenho-2-150x150.jpg"},"medium":{"file":"20180928_175139-Lehikoinen-Tikkanen-Tenho-2-300x196.jpg","width":300,"height":196,"mime_type":"image\/jpeg","source_url":"http:\/\/www.rukajarvensuunnanhistoriayhdistys.fi\/historiayhdistys\/wp-content\/uploads\/2018\/10\/20180928_175139-Lehikoinen-Tikkanen-Tenho-2-300x196.jpg"},"medium_large":{"file":"20180928_175139-Lehikoinen-Tikkanen-Tenho-2-768x501.jpg","width":768,"height":501,"mime_type":"image\/jpeg","source_url":"http:\/\/www.rukajarvensuunnanhistoriayhdistys.fi\/historiayhdistys\/wp-content\/uploads\/2018\/10\/20180928_175139-Lehikoinen-Tikkanen-Tenho-2-768x501.jpg"},"large":{"file":"20180928_175139-Lehikoinen-Tikkanen-Tenho-2-1024x668.jpg","width":1024,"height":668,"mime_type":"image\/jpeg","source_url":"http:\/\/www.rukajarvensuunnanhistoriayhdistys.fi\/historiayhdistys\/wp-content\/uploads\/2018\/10\/20180928_175139-Lehikoinen-Tikkanen-Tenho-2-1024x668.jpg"},"featured-slider-larger":{"file":"20180928_175139-Lehikoinen-Tikkanen-Tenho-2-980x400.jpg","width":980,"height":400,"mime_type":"image\/jpeg","source_url":"http:\/\/www.rukajarvensuunnanhistoriayhdistys.fi\/historiayhdistys\/wp-content\/uploads\/2018\/10\/20180928_175139-Lehikoinen-Tikkanen-Tenho-2-980x400.jpg"},"featured-slider":{"file":"20180928_175139-Lehikoinen-Tikkanen-Tenho-2-640x318.jpg","width":640,"height":318,"mime_type":"image\/jpeg","source_url":"http:\/\/www.rukajarvensuunnanhistoriayhdistys.fi\/historiayhdistys\/wp-content\/uploads\/2018\/10\/20180928_175139-Lehikoinen-Tikkanen-Tenho-2-640x318.jpg"},"full":{"file":"20180928_175139-Lehikoinen-Tikkanen-Tenho-2.jpg","width":1312,"height":856,"mime_type":"image\/jpeg","source_url":"http:\/\/www.rukajarvensuunnanhistoriayhdistys.fi\/historiayhdistys\/wp-content\/uploads\/2018\/10\/20180928_175139-Lehikoinen-Tikkanen-Tenho-2.jpg"}},"image_meta":{"aperture":"1.7","credit":"","camera":"SM-G930F","caption":"","created_timestamp":"1538154928","copyright":"","focal_length":"4.2","iso":"50","shutter_speed":"0.0020325203252","title":"","orientation":"0","keywords":[]}},"post":12729,"source_url":"http:\/\/www.rukajarvensuunnanhistoriayhdistys.fi\/historiayhdistys\/wp-content\/uploads\/2018\/10\/20180928_175139-Lehikoinen-Tikkanen-Tenho-2.jpg","_links":{"self":[{"href":"http:\/\/www.rukajarvensuunnanhistoriayhdistys.fi\/historiayhdistys\/wp-json\/wp\/v2\/media\/12731","targetHints":{"allow":["GET"]}}],"collection":[{"href":"http:\/\/www.rukajarvensuunnanhistoriayhdistys.fi\/historiayhdistys\/wp-json\/wp\/v2\/media"}],"about":[{"href":"http:\/\/www.rukajarvensuunnanhistoriayhdistys.fi\/historiayhdistys\/wp-json\/wp\/v2\/types\/attachment"}],"author":[{"embeddable":true,"href":"http:\/\/www.rukajarvensuunnanhistoriayhdistys.fi\/historiayhdistys\/wp-json\/wp\/v2\/users\/3"}],"replies":[{"embeddable":true,"href":"http:\/\/www.rukajarvensuunnanhistoriayhdistys.fi\/historiayhdistys\/wp-json\/wp\/v2\/comments?post=12731"}],"wp:attached-to":[{"embeddable":true,"post_type":"post","id":12729,"href":"http:\/\/www.rukajarvensuunnanhistoriayhdistys.fi\/historiayhdistys\/wp-json\/wp\/v2\/posts\/12729"}],"curies":[{"name":"wp","href":"https:\/\/api.w.org\/{rel}","templated":true}]}}